{"id":12114,"date":"2022-03-01T11:15:01","date_gmt":"2022-03-01T11:15:01","guid":{"rendered":"https:\/\/mariafrieden-hamminkeln.de\/?page_id=12114"},"modified":"2022-03-08T15:21:15","modified_gmt":"2022-03-08T15:21:15","slug":"chor-miteinander","status":"publish","type":"page","link":"https:\/\/mariafrieden-hamminkeln.de\/?page_id=12114","title":{"rendered":"Chor Miteinander Dingden"},"content":{"rendered":"<p><strong><span style=\"color: #ff6600; font-family: 'comic sans ms', sans-serif; font-size: 18pt;\">1994 \u201e m i t e i n a n d e r \u201c 2021<\/span><\/strong><\/p>\n<p>Seit 27 Jahren gestaltet der Chor \u201emiteinander\u201c Gottesdienste musikalisch mit. Aus einer kleinen<br \/>\nGruppe, die unser damaliger Pastoralassistent in St. Pankratius, Christoph J\u00e4kel, ins Leben gerufen<br \/>\nhatte, entwickelte sich im Laufe der Jahre unser heutiger Chor.<br \/>\n<img loading=\"lazy\" decoding=\"async\" class=\"alignleft size-medium wp-image-12115\" src=\"https:\/\/mariafrieden-hamminkeln.de\/wp-content\/uploads\/2022\/03\/Chor-Miteinander-1994-bis-2021-300x190.jpg\" alt=\"\" width=\"300\" height=\"190\" srcset=\"https:\/\/mariafrieden-hamminkeln.de\/wp-content\/uploads\/2022\/03\/Chor-Miteinander-1994-bis-2021-300x190.jpg 300w, https:\/\/mariafrieden-hamminkeln.de\/wp-content\/uploads\/2022\/03\/Chor-Miteinander-1994-bis-2021.jpg 410w\" sizes=\"(max-width: 300px) 100vw, 300px\" \/>Viele begeisterte S\u00e4ngerinnen und S\u00e4nger bringen und brachten so neue geistliche Lieder in unsere Pfarrgemeinde. Dabei haben uns mehrere Chorleiter gepr\u00e4gt.<br \/>\nChristoph J\u00e4kel war der Gr\u00fcnder. Er war nicht nur Pastoralassistent, sondern auch ein exzellenter Musiker. Gitarren, E- Bass und Kontrabass waren die Instrumente, die damals den einstimmigen rhythmischen Gesang begleiteten. Es fiel uns anfangs sehr schwer, rhythmisch richtig zu singen, aber wir waren noch ein junger, lernf\u00e4higer Chor.<br \/>\nAls J\u00e4kel nach seiner Ausbildung unsere\u00a0 Gemeinde verlie\u00df, \u00fcbernahm ein Mitglied unserer Gruppe die Leitung. Peter Schliwa, der uns vorher schon auf der Gitarre begleitet hatte, begann mit uns auch mehrstimmig zu singen. Uli Reuke spielte dazu die Querfl\u00f6te.<br \/>\nAls dann ein neuer Organist in die Gemeinde St. Pankratius kam, \u00fcbernahm er die Leitung. J\u00f6rg Schreiner brachte den\u00a0vierstimmigen Gesang in unseren Chor. Mit dem neuen E- Piano begleitete er uns.<br \/>\n<img loading=\"lazy\" decoding=\"async\" class=\"alignright size-medium wp-image-12117\" src=\"https:\/\/mariafrieden-hamminkeln.de\/wp-content\/uploads\/2022\/03\/Chor-Miteinander-im-Gottesdienst-300x202.jpg\" alt=\"\" width=\"300\" height=\"202\" srcset=\"https:\/\/mariafrieden-hamminkeln.de\/wp-content\/uploads\/2022\/03\/Chor-Miteinander-im-Gottesdienst-300x202.jpg 300w, https:\/\/mariafrieden-hamminkeln.de\/wp-content\/uploads\/2022\/03\/Chor-Miteinander-im-Gottesdienst.jpg 400w\" sizes=\"(max-width: 300px) 100vw, 300px\" \/>Mittlerweile hatte unsere Gruppe auch einen Namen: \u201emiteinander\u201c. Wir Chormitglieder sangen gerne miteinander, aber wir wollten auch das neue geistliche Lied allen Gemeindemitgliedern n\u00e4herbringen und miteinander singen. Deshalb gestalteten wir immer wieder musikalisch Gottesdienste f\u00fcr die Gemeinde.<br \/>\nAls J\u00f6rg Schreiner die Gemeinde verlie\u00df, \u00fcbernahm Dr. Gerd-Heinz Stevens unseren Chor. Er war<br \/>\nals Organist und Chorleiter zust\u00e4ndig f\u00fcr mehrere Kirchorte in unserer Seelsorgeeinheit. Unseren<br \/>\nChor zus\u00e4tzlich zu leiten wurde ihm bald zu viel.<br \/>\nDa sprang Sven Joosten f\u00fcr ihn ein, der in Dingden\u00a0die Orgel nebenberuflich spielte und den Kirchenchor leitete. \u201eIch bleibe so lange, bis ihr eine neue Dirigentin oder Dirigenten gefunden habt\u201c, so Sven bei der \u00dcbernahme von unserem Chor.<br \/>\nNach langem Suchen aller Chormitglieder entdeckte Nicole Schieber dann Elida Markett aus\u00a0 Mussum. Seit 2006 ist sie nun unsere Chorleiterin. Mit Engagement und gro\u00dfem Elan f\u00fchrt sie unseren Chor. Mit ihrer Geige und ihrer sch\u00f6nen Stimme bereichert sie unseren Chorgesang.<\/p>\n<p><img loading=\"lazy\" decoding=\"async\" class=\"alignleft size-medium wp-image-12116\" src=\"https:\/\/mariafrieden-hamminkeln.de\/wp-content\/uploads\/2022\/03\/Chor-Miteinander-bei-der-Probe-300x202.jpg\" alt=\"\" width=\"300\" height=\"202\" srcset=\"https:\/\/mariafrieden-hamminkeln.de\/wp-content\/uploads\/2022\/03\/Chor-Miteinander-bei-der-Probe-300x202.jpg 300w, https:\/\/mariafrieden-hamminkeln.de\/wp-content\/uploads\/2022\/03\/Chor-Miteinander-bei-der-Probe.jpg 390w\" sizes=\"(max-width: 300px) 100vw, 300px\" \/>Wir sind dankbar, dass sie nun schon seit so langer Zeit mit uns Musik macht.<br \/>\n<span style=\"color: #ff0000;\"><strong>Jeden Mittwoch um 20 Uhr findet unsere Chorprobe im Dingdener Pfarrheim statt<\/strong><\/span>. Wer Lust hat mitzusingen ist herzlich eingeladen. Wir w\u00fcrden uns auch freuen, wenn wieder eine\u00a0 Querfl\u00f6te, vielleicht auch eine Klarinette oder ein Saxophon, die Gitarre und das Cajon erg\u00e4nzen<br \/>\nw\u00fcrden.<\/p>\n<p>Ansprechpartner f\u00fcr unseren Chor sind<br \/>\nNicole und Stefan Schieber,<br \/>\nTel. 02852-968480.<\/p>\n<p style=\"text-align: right;\"><em>F\u00fcr den Chor \u201emiteinander\u201c<\/em><br \/>\n<em>Ingeborg und Friedhelm Tersek<\/em><\/p>\n<p>(Ver\u00f6ffentlicht im Pfarrbrief Advent 2021)<\/p>\n ","protected":false},"excerpt":{"rendered":"<p>1994 \u201e m i t e i n a n d e r \u201c 2021 Seit 27 Jahren gestaltet der Chor \u201emiteinander\u201c Gottesdienste musikalisch mit. Aus einer kleinen Gruppe, die unser damaliger Pastoralassistent in St. Pankratius, Christoph J\u00e4kel, ins Leben gerufen hatte, entwickelte sich im Laufe der Jahre unser heutiger Chor. Viele begeisterte S\u00e4ngerinnen und [&hellip;]<\/p>\n","protected":false},"author":1,"featured_media":0,"parent":0,"menu_order":0,"comment_status":"closed","ping_status":"closed","template":"","meta":{"footnotes":""},"_links":{"self":[{"href":"https:\/\/mariafrieden-hamminkeln.de\/index.php?rest_route=\/wp\/v2\/pages\/12114"}],"collection":[{"href":"https:\/\/mariafrieden-hamminkeln.de\/index.php?rest_route=\/wp\/v2\/pages"}],"about":[{"href":"https:\/\/mariafrieden-hamminkeln.de\/index.php?rest_route=\/wp\/v2\/types\/page"}],"author":[{"embeddable":true,"href":"https:\/\/mariafrieden-hamminkeln.de\/index.php?rest_route=\/wp\/v2\/users\/1"}],"replies":[{"embeddable":true,"href":"https:\/\/mariafrieden-hamminkeln.de\/index.php?rest_route=%2Fwp%2Fv2%2Fcomments&post=12114"}],"version-history":[{"count":4,"href":"https:\/\/mariafrieden-hamminkeln.de\/index.php?rest_route=\/wp\/v2\/pages\/12114\/revisions"}],"predecessor-version":[{"id":12182,"href":"https:\/\/mariafrieden-hamminkeln.de\/index.php?rest_route=\/wp\/v2\/pages\/12114\/revisions\/12182"}],"wp:attachment":[{"href":"https:\/\/mariafrieden-hamminkeln.de\/index.php?rest_route=%2Fwp%2Fv2%2Fmedia&parent=12114"}],"curies":[{"name":"wp","href":"https:\/\/api.w.org\/{rel}","templated":true}]}}